{"id":793,"date":"2022-04-14T17:20:36","date_gmt":"2022-04-14T15:20:36","guid":{"rendered":"https:\/\/lucecieszyn.pl\/?page_id=793"},"modified":"2026-02-24T11:27:54","modified_gmt":"2026-02-24T10:27:54","slug":"oboz-sportowy","status":"publish","type":"page","link":"https:\/\/lucecieszyn.pl\/?page_id=793","title":{"rendered":"Ob\u00f3z sportowy"},"content":{"rendered":"<p>[et_pb_section fb_built=&#8221;1&#8243; _builder_version=&#8221;4.9.2&#8243; _module_preset=&#8221;default&#8221;][et_pb_row column_structure=&#8221;1_2,1_2&#8243; _builder_version=&#8221;4.9.2&#8243; _module_preset=&#8221;default&#8221;][et_pb_column type=&#8221;1_2&#8243; _builder_version=&#8221;4.9.2&#8243; _module_preset=&#8221;default&#8221;][et_pb_text _builder_version=&#8221;4.9.2&#8243; _module_preset=&#8221;default&#8221; text_font_size=&#8221;51px&#8221; text_letter_spacing=&#8221;3px&#8221; text_line_height=&#8221;1.8em&#8221; header_text_color=&#8221;#000000&#8243; text_orientation=&#8221;center&#8221; min_height=&#8221;6.8px&#8221; custom_margin=&#8221;-22px||2px||false|false&#8221; custom_padding=&#8221;6px||14px|||&#8221;]<\/p>\n<p>OB\u00d3Z SPORTOWY<\/p>\n<p>[\/et_pb_text][\/et_pb_column][et_pb_column type=&#8221;1_2&#8243; _builder_version=&#8221;4.9.2&#8243; _module_preset=&#8221;default&#8221;][\/et_pb_column][\/et_pb_row][et_pb_row _builder_version=&#8221;4.9.2&#8243; _module_preset=&#8221;default&#8221;][et_pb_column type=&#8221;4_4&#8243; _builder_version=&#8221;4.9.2&#8243; _module_preset=&#8221;default&#8221;][et_pb_text _builder_version=&#8221;4.9.2&#8243; _module_preset=&#8221;default&#8221; text_font_size=&#8221;22px&#8221; text_orientation=&#8221;center&#8221; hover_enabled=&#8221;0&#8243; sticky_enabled=&#8221;0&#8243;]<\/p>\n<p style=\"text-align: left;\"><span>Ob\u00f3z hokejowy LUCE Camp 2026 &#8211; Krynica-Zdr\u00f3j<\/span><\/p>\n<p>[\/et_pb_text][et_pb_text _builder_version=&#8221;4.9.2&#8243; _module_preset=&#8221;default&#8221; text_font_size=&#8221;22px&#8221; text_orientation=&#8221;center&#8221; hover_enabled=&#8221;0&#8243; sticky_enabled=&#8221;0&#8243;]<\/p>\n<div style=\"text-align: left;\">Szanowni Pa\u0144stwo ! \u263a\ufe0f<\/div>\n<div style=\"text-align: left;\"><\/div>\n<div style=\"text-align: left;\">Zapraszamy w tym roku \u00a0po raz pierwszy na ob\u00f3z hokejowy z KS LUCE Cieszyn do malowniczej miejscowo\u015bci Krynica-Zdr\u00f3j. \ud83e\udd45\ud83c\udfd2\ud83c\udfde\ufe0f<\/div>\n<div style=\"text-align: left;\"><\/div>\n<div style=\"text-align: left;\">Termin 22-28.08.2026 \ud83d\uddd3\ufe0f<\/div>\n<div style=\"text-align: left;\"><\/div>\n<div style=\"text-align: left;\">Treningi na lodowisku MOSiR Krynica-Zdr\u00f3j dwa razy dziennie oraz po jednym w dniu przyjazdu i wyjazdu.<\/div>\n<div style=\"text-align: left;\"><\/div>\n<div style=\"text-align: left;\">\n<div>W cenie obozu:<\/div>\n<\/div>\n<div style=\"text-align: left;\"><span>\u00a0<\/span><\/div>\n<div style=\"text-align: left;\"><span>\ud83d\udc49 przejazd autokarem klimatyzowanym na trasie Cieszyn-Krynica-Zdr\u00f3j, Krynica-Zdr\u00f3j-Cieszyn oraz na przejazdy na miejscu<\/span><\/div>\n<div style=\"text-align: left;\"><span>\u00a0<\/span><\/div>\n<div style=\"text-align: left;\"><span>\ud83d\udc49 pobyt w \u00a0O\u015brodku Szkoleniowo-Wypoczynkowym ,,Sportowiec&#8221; w Krynicy-Zdr\u00f3j 2 minuty pieszo od lodowiska, o\u015brodek posiada aktualn\u0105 opini\u0119 PPO\u017b, \u00a0<\/span><span><a href=\"https:\/\/www.sportowieckrynica.pl\/\">https:\/\/www.sportowieckrynica.pl<\/a><\/span><\/div>\n<div style=\"text-align: left;\"><span>\u00a0<\/span><\/div>\n<div style=\"text-align: left;\"><span>\ud83d\udc49 zbieranie do\u015bwiadczenia hokejowego pod okiem najlepszej kadry w ramach przygotowania do sezonu 2026\/2027<\/span><\/div>\n<div style=\"text-align: left;\"><span>\u00a0<\/span><\/div>\n<div style=\"text-align: left;\"><span>\ud83d\udc49 wycieczka do Parku Wodnego (<\/span>szczeg\u00f3\u0142y wkr\u00f3tce)<\/div>\n<div style=\"text-align: left;\"><\/div>\n<div style=\"text-align: left;\">\ud83d\udc49 3 godziny treningu na lodowisku codziennie (lodowisko MOSiR Krynica- Zdr\u00f3j)<\/div>\n<div style=\"text-align: left;\"><\/div>\n<div style=\"text-align: left;\">\ud83d\udc49 3 posi\u0142ki w cenie pobytu<\/div>\n<div style=\"text-align: left;\"><\/div>\n<div style=\"text-align: left;\">\ud83d\udc49 \u00a0zdrowe przek\u0105ski regeneracyjne mi\u0119dzy treningami<\/div>\n<div style=\"text-align: left;\"><\/div>\n<div style=\"text-align: left;\">\ud83d\udc49 zapewnienie do\u015bwiadczonej kadry trener\u00f3w legitymuj\u0105cych si\u0119 licencjami trenerskimi Polskiego Zwi\u0105zku Hokeja na Lodzie oraz Polskiego Zwi\u0105zku Sport\u00f3w Wrotkarskich<\/div>\n<div style=\"text-align: left;\"><\/div>\n<div style=\"text-align: left;\">\ud83d\udc49 \u00a0treningi motoryczne uzyskane w oparciu o do\u015bwiadczenie podczas szkolenia Trener\u00f3w w Zawierucha Trening Academy<\/div>\n<div style=\"text-align: left;\"><\/div>\n<div style=\"text-align: left;\">\ud83d\udc49 zwiedzanie atrakcji oferowanych w miejscowo\u015bci Krynica-Zdr\u00f3j, pomi\u0119dzy treningami np. Wie\u017cy Widokowej\u00a0<a href=\"https:\/\/wiezawidokowa.pl\/krynica-zdroj\/o-wiezy\/\">https:\/\/wiezawidokowa.pl\/krynica-zdroj\/o-wiezy\/<\/a><\/div>\n<div style=\"text-align: left;\"><\/div>\n<div style=\"text-align: left;\">\ud83d\udc49 \u00a0dost\u0119p do si\u0142owni na lodowisku w okre\u015blonych godzinach<\/div>\n<div style=\"text-align: left;\"><\/div>\n<div style=\"text-align: left;\">\ud83d\udc49 \u00a0czas wolny na orlikach sportowych pod okiem Trener\u00f3w<\/div>\n<div style=\"text-align: left;\"><\/div>\n<div style=\"text-align: left;\">\ud83d\udc49 \u00a0pakiet uczestnika (koszulka, czapka, gad\u017cety klubowe)<\/div>\n<div style=\"text-align: left;\"><\/div>\n<div style=\"text-align: left;\">\u00a0\ud83d\udc49 Ubezpieczenie NNW<\/div>\n<div style=\"text-align: left;\"><\/div>\n<div style=\"text-align: left;\">\ud83d\udc49 Opieka trenerska (kadra Trener\u00f3w LUCE Cieszyn: Marcin S\u0142ama, Jacek Holeksa, Damian Kie\u0142basa, Oskar Prokop- Trener Bramkarzy),<\/div>\n<div style=\"text-align: left;\"><\/div>\n<div style=\"text-align: left;\">\ud83d\udc49 Wypoczynek zg\u0142oszony do kuratorium (mo\u017cliwo\u015b\u0107 wystawienie faktury). Kierownik wypoczynku: Mateusz Dudkiewicz<\/div>\n<div style=\"text-align: left;\"><\/div>\n<div style=\"text-align: left;\">\ud83d\udc49 \u00a0Roczniki 2012-2018 (2019 do konsultacji z Trenerem)<\/div>\n<div style=\"text-align: left;\"><\/div>\n<div style=\"text-align: left;\">\u203c\ufe0f Limit miejsc 45 os\u00f3b<\/div>\n<div style=\"text-align: left;\"><\/div>\n<div style=\"text-align: left;\">\ud83d\udcb2 Kwota to 2990z\u0142<\/div>\n<div style=\"text-align: left;\">Kwota dla rodze\u0144stwa po 2850 z\u0142 od osoby<\/div>\n<div style=\"text-align: left;\"><\/div>\n<div style=\"text-align: left;\">Ob\u00f3z jest organizowany przez Fundacj\u0119 LUCE<\/div>\n<div style=\"text-align: left;\"><\/div>\n<div style=\"text-align: left;\">\u2714 Celem potwierdzenia miejsca jest wp\u0142acenie do 48 h od zapisania zadatku w wysoko\u015bci 1000 z\u0142 na subkonto<\/div>\n<div style=\"text-align: left;\">Istnieje mo\u017cliwo\u015b\u0107 wykupienia ubezpieczenia w przypadku rezygnacji z obozu &#8211; cena to oko\u0142o \u00a0114 z\u0142 &#8211; umowy zawierane s\u0105 indywidualnie<\/div>\n<div style=\"text-align: left;\"><\/div>\n<div style=\"text-align: left;\">Fundacja LUCE<\/div>\n<div style=\"text-align: left;\">ul. Legion\u00f3w 26\/28<\/div>\n<div style=\"text-align: left;\">43-300 Bielsko-Bia\u0142a<\/div>\n<div style=\"text-align: left;\">tytu\u0142em: LUCE Camp Krynica-Zdr\u00f3j 22.08-28.08.2026<\/div>\n<div style=\"text-align: left;\">numer subkonta\u00a0<span>95 1050 1070 1000 0090 8135 1414\u00a0<\/span><\/div>\n<div style=\"text-align: left;\"><span>ING Bank \u015al\u0105ski\u00a0<\/span><\/div>\n<div style=\"text-align: left;\"><span>\u00a0<\/span><\/div>\n<p style=\"text-align: left;\">[\/et_pb_text][\/et_pb_column][\/et_pb_row][et_pb_row _builder_version=&#8221;4.9.2&#8243; _module_preset=&#8221;default&#8221;][et_pb_column _builder_version=&#8221;4.9.2&#8243; _module_preset=&#8221;default&#8221; type=&#8221;4_4&#8243;][et_pb_button button_text=&#8221;LINK DO ZAPIS\u00d3W&#8221; _builder_version=&#8221;4.9.2&#8243; _module_preset=&#8221;default&#8221; button_url=&#8221;https:\/\/forms.gle\/n8JDrCghbycG9PF5A&#8221; url_new_window=&#8221;on&#8221; hover_enabled=&#8221;0&#8243; sticky_enabled=&#8221;0&#8243; button_alignment=&#8221;center&#8221;][\/et_pb_button][et_pb_image src=&#8221;https:\/\/lucecieszyn.pl\/wp-content\/uploads\/2026\/02\/Hokej_oboz_sportowy_LUCE-1.jpg&#8221; _builder_version=&#8221;4.9.2&#8243; _module_preset=&#8221;default&#8221; title_text=&#8221;Hokej_ob\u00f3z_sportowy_LUCE&#8221; hover_enabled=&#8221;0&#8243; sticky_enabled=&#8221;0&#8243;][\/et_pb_image][\/et_pb_column][\/et_pb_row][\/et_pb_section]<\/p>\n","protected":false},"excerpt":{"rendered":"<p>[et_pb_section fb_built=&#8221;1&#8243; _builder_version=&#8221;4.9.2&#8243; _module_preset=&#8221;default&#8221;][et_pb_row column_structure=&#8221;1_2,1_2&#8243; _builder_version=&#8221;4.9.2&#8243; _module_preset=&#8221;default&#8221;][et_pb_column type=&#8221;1_2&#8243; _builder_version=&#8221;4.9.2&#8243; _module_preset=&#8221;default&#8221;][et_pb_text _builder_version=&#8221;4.9.2&#8243; _module_preset=&#8221;default&#8221; text_font_size=&#8221;51px&#8221; text_letter_spacing=&#8221;3px&#8221; text_line_height=&#8221;1.8em&#8221; header_text_color=&#8221;#000000&#8243; text_orientation=&#8221;center&#8221; min_height=&#8221;6.8px&#8221; custom_margin=&#8221;-22px||2px||false|false&#8221; custom_padding=&#8221;6px||14px|||&#8221;] OB\u00d3Z SPORTOWY [\/et_pb_text][\/et_pb_column][et_pb_column type=&#8221;1_2&#8243; _builder_version=&#8221;4.9.2&#8243; _module_preset=&#8221;default&#8221;][\/et_pb_column][\/et_pb_row][et_pb_row _builder_version=&#8221;4.9.2&#8243; _module_preset=&#8221;default&#8221;][et_pb_column type=&#8221;4_4&#8243; _builder_version=&#8221;4.9.2&#8243; _module_preset=&#8221;default&#8221;][et_pb_text _builder_version=&#8221;4.9.2&#8243; _module_preset=&#8221;default&#8221; text_font_size=&#8221;22px&#8221; text_orientation=&#8221;center&#8221; hover_enabled=&#8221;0&#8243; sticky_enabled=&#8221;0&#8243;] Ob\u00f3z hokejowy LUCE Camp 2026 &#8211; Krynica-Zdr\u00f3j [\/et_pb_text][et_pb_text _builder_version=&#8221;4.9.2&#8243; _module_preset=&#8221;default&#8221; text_font_size=&#8221;22px&#8221; text_orientation=&#8221;center&#8221; hover_enabled=&#8221;0&#8243; sticky_enabled=&#8221;0&#8243;] Szanowni Pa\u0144stwo ! \u263a\ufe0f [&hellip;]<\/p>\n","protected":false},"author":1,"featured_media":0,"parent":0,"menu_order":0,"comment_status":"closed","ping_status":"closed","template":"","meta":{"_et_pb_use_builder":"on","_et_pb_old_content":"","_et_gb_content_width":"","_monsterinsights_skip_tracking":false,"_monsterinsights_sitenote_active":false,"_monsterinsights_sitenote_note":"","_monsterinsights_sitenote_category":0},"yoast_head":"<!-- This site is optimized with the Yoast SEO plugin v19.2 - https:\/\/yoast.com\/wordpress\/plugins\/seo\/ -->\n<title>Ob\u00f3z sportowy - LUCE Cieszyn - Klub Hokejowy<\/title>\n<meta name=\"robots\" content=\"index, follow, max-snippet:-1, max-image-preview:large, max-video-preview:-1\" \/>\n<link rel=\"canonical\" href=\"https:\/\/lucecieszyn.pl\/?page_id=793\" \/>\n<meta property=\"og:locale\" content=\"pl_PL\" \/>\n<meta property=\"og:type\" content=\"article\" \/>\n<meta property=\"og:title\" content=\"Ob\u00f3z sportowy - LUCE Cieszyn - Klub Hokejowy\" \/>\n<meta property=\"og:description\" content=\"[et_pb_section fb_built=&#8221;1&#8243; _builder_version=&#8221;4.9.2&#8243; _module_preset=&#8221;default&#8221;][et_pb_row column_structure=&#8221;1_2,1_2&#8243; _builder_version=&#8221;4.9.2&#8243; _module_preset=&#8221;default&#8221;][et_pb_column type=&#8221;1_2&#8243; _builder_version=&#8221;4.9.2&#8243; _module_preset=&#8221;default&#8221;][et_pb_text _builder_version=&#8221;4.9.2&#8243; _module_preset=&#8221;default&#8221; text_font_size=&#8221;51px&#8221; text_letter_spacing=&#8221;3px&#8221; text_line_height=&#8221;1.8em&#8221; header_text_color=&#8221;#000000&#8243; text_orientation=&#8221;center&#8221; min_height=&#8221;6.8px&#8221; custom_margin=&#8221;-22px||2px||false|false&#8221; custom_padding=&#8221;6px||14px|||&#8221;] OB\u00d3Z SPORTOWY [\/et_pb_text][\/et_pb_column][et_pb_column type=&#8221;1_2&#8243; _builder_version=&#8221;4.9.2&#8243; _module_preset=&#8221;default&#8221;][\/et_pb_column][\/et_pb_row][et_pb_row _builder_version=&#8221;4.9.2&#8243; _module_preset=&#8221;default&#8221;][et_pb_column type=&#8221;4_4&#8243; _builder_version=&#8221;4.9.2&#8243; _module_preset=&#8221;default&#8221;][et_pb_text _builder_version=&#8221;4.9.2&#8243; _module_preset=&#8221;default&#8221; text_font_size=&#8221;22px&#8221; text_orientation=&#8221;center&#8221; hover_enabled=&#8221;0&#8243; sticky_enabled=&#8221;0&#8243;] Ob\u00f3z hokejowy LUCE Camp 2026 &#8211; Krynica-Zdr\u00f3j [\/et_pb_text][et_pb_text _builder_version=&#8221;4.9.2&#8243; _module_preset=&#8221;default&#8221; text_font_size=&#8221;22px&#8221; text_orientation=&#8221;center&#8221; hover_enabled=&#8221;0&#8243; sticky_enabled=&#8221;0&#8243;] Szanowni Pa\u0144stwo ! \u263a\ufe0f [&hellip;]\" \/>\n<meta property=\"og:url\" content=\"https:\/\/lucecieszyn.pl\/?page_id=793\" \/>\n<meta property=\"og:site_name\" content=\"LUCE Cieszyn - Klub Hokejowy\" \/>\n<meta property=\"article:modified_time\" content=\"2026-02-24T10:27:54+00:00\" \/>\n<meta name=\"author\" content=\"lucecieszyn\" \/>\n<meta name=\"twitter:card\" content=\"summary_large_image\" \/>\n<script type=\"application\/ld+json\" class=\"yoast-schema-graph\">{\"@context\":\"https:\/\/schema.org\",\"@graph\":[{\"@type\":\"WebSite\",\"@id\":\"https:\/\/lucecieszyn.pl\/#website\",\"url\":\"https:\/\/lucecieszyn.pl\/\",\"name\":\"LUCE Cieszyn - Klub Hokejowy\",\"description\":\"Hokej na lodzie w Cieszynie\",\"potentialAction\":[{\"@type\":\"SearchAction\",\"target\":{\"@type\":\"EntryPoint\",\"urlTemplate\":\"https:\/\/lucecieszyn.pl\/?s={search_term_string}\"},\"query-input\":\"required name=search_term_string\"}],\"inLanguage\":\"pl-PL\"},{\"@type\":\"WebPage\",\"@id\":\"https:\/\/lucecieszyn.pl\/?page_id=793#webpage\",\"url\":\"https:\/\/lucecieszyn.pl\/?page_id=793\",\"name\":\"Ob\u00f3z sportowy - LUCE Cieszyn - Klub Hokejowy\",\"isPartOf\":{\"@id\":\"https:\/\/lucecieszyn.pl\/#website\"},\"datePublished\":\"2022-04-14T15:20:36+00:00\",\"dateModified\":\"2026-02-24T10:27:54+00:00\",\"breadcrumb\":{\"@id\":\"https:\/\/lucecieszyn.pl\/?page_id=793#breadcrumb\"},\"inLanguage\":\"pl-PL\",\"potentialAction\":[{\"@type\":\"ReadAction\",\"target\":[\"https:\/\/lucecieszyn.pl\/?page_id=793\"]}]},{\"@type\":\"BreadcrumbList\",\"@id\":\"https:\/\/lucecieszyn.pl\/?page_id=793#breadcrumb\",\"itemListElement\":[{\"@type\":\"ListItem\",\"position\":1,\"name\":\"Strona g\u0142\u00f3wna\",\"item\":\"https:\/\/lucecieszyn.pl\/\"},{\"@type\":\"ListItem\",\"position\":2,\"name\":\"Ob\u00f3z sportowy\"}]}]}<\/script>\n<!-- \/ Yoast SEO plugin. -->","yoast_head_json":{"title":"Ob\u00f3z sportowy - LUCE Cieszyn - Klub Hokejowy","robots":{"index":"index","follow":"follow","max-snippet":"max-snippet:-1","max-image-preview":"max-image-preview:large","max-video-preview":"max-video-preview:-1"},"canonical":"https:\/\/lucecieszyn.pl\/?page_id=793","og_locale":"pl_PL","og_type":"article","og_title":"Ob\u00f3z sportowy - LUCE Cieszyn - Klub Hokejowy","og_description":"[et_pb_section fb_built=&#8221;1&#8243; _builder_version=&#8221;4.9.2&#8243; _module_preset=&#8221;default&#8221;][et_pb_row column_structure=&#8221;1_2,1_2&#8243; _builder_version=&#8221;4.9.2&#8243; _module_preset=&#8221;default&#8221;][et_pb_column type=&#8221;1_2&#8243; _builder_version=&#8221;4.9.2&#8243; _module_preset=&#8221;default&#8221;][et_pb_text _builder_version=&#8221;4.9.2&#8243; _module_preset=&#8221;default&#8221; text_font_size=&#8221;51px&#8221; text_letter_spacing=&#8221;3px&#8221; text_line_height=&#8221;1.8em&#8221; header_text_color=&#8221;#000000&#8243; text_orientation=&#8221;center&#8221; min_height=&#8221;6.8px&#8221; custom_margin=&#8221;-22px||2px||false|false&#8221; custom_padding=&#8221;6px||14px|||&#8221;] OB\u00d3Z SPORTOWY [\/et_pb_text][\/et_pb_column][et_pb_column type=&#8221;1_2&#8243; _builder_version=&#8221;4.9.2&#8243; _module_preset=&#8221;default&#8221;][\/et_pb_column][\/et_pb_row][et_pb_row _builder_version=&#8221;4.9.2&#8243; _module_preset=&#8221;default&#8221;][et_pb_column type=&#8221;4_4&#8243; _builder_version=&#8221;4.9.2&#8243; _module_preset=&#8221;default&#8221;][et_pb_text _builder_version=&#8221;4.9.2&#8243; _module_preset=&#8221;default&#8221; text_font_size=&#8221;22px&#8221; text_orientation=&#8221;center&#8221; hover_enabled=&#8221;0&#8243; sticky_enabled=&#8221;0&#8243;] Ob\u00f3z hokejowy LUCE Camp 2026 &#8211; Krynica-Zdr\u00f3j [\/et_pb_text][et_pb_text _builder_version=&#8221;4.9.2&#8243; _module_preset=&#8221;default&#8221; text_font_size=&#8221;22px&#8221; text_orientation=&#8221;center&#8221; hover_enabled=&#8221;0&#8243; sticky_enabled=&#8221;0&#8243;] Szanowni Pa\u0144stwo ! \u263a\ufe0f [&hellip;]","og_url":"https:\/\/lucecieszyn.pl\/?page_id=793","og_site_name":"LUCE Cieszyn - Klub Hokejowy","article_modified_time":"2026-02-24T10:27:54+00:00","author":"lucecieszyn","twitter_card":"summary_large_image","schema":{"@context":"https:\/\/schema.org","@graph":[{"@type":"WebSite","@id":"https:\/\/lucecieszyn.pl\/#website","url":"https:\/\/lucecieszyn.pl\/","name":"LUCE Cieszyn - Klub Hokejowy","description":"Hokej na lodzie w Cieszynie","potentialAction":[{"@type":"SearchAction","target":{"@type":"EntryPoint","urlTemplate":"https:\/\/lucecieszyn.pl\/?s={search_term_string}"},"query-input":"required name=search_term_string"}],"inLanguage":"pl-PL"},{"@type":"WebPage","@id":"https:\/\/lucecieszyn.pl\/?page_id=793#webpage","url":"https:\/\/lucecieszyn.pl\/?page_id=793","name":"Ob\u00f3z sportowy - LUCE Cieszyn - Klub Hokejowy","isPartOf":{"@id":"https:\/\/lucecieszyn.pl\/#website"},"datePublished":"2022-04-14T15:20:36+00:00","dateModified":"2026-02-24T10:27:54+00:00","breadcrumb":{"@id":"https:\/\/lucecieszyn.pl\/?page_id=793#breadcrumb"},"inLanguage":"pl-PL","potentialAction":[{"@type":"ReadAction","target":["https:\/\/lucecieszyn.pl\/?page_id=793"]}]},{"@type":"BreadcrumbList","@id":"https:\/\/lucecieszyn.pl\/?page_id=793#breadcrumb","itemListElement":[{"@type":"ListItem","position":1,"name":"Strona g\u0142\u00f3wna","item":"https:\/\/lucecieszyn.pl\/"},{"@type":"ListItem","position":2,"name":"Ob\u00f3z sportowy"}]}]}},"_links":{"self":[{"href":"https:\/\/lucecieszyn.pl\/index.php?rest_route=\/wp\/v2\/pages\/793"}],"collection":[{"href":"https:\/\/lucecieszyn.pl\/index.php?rest_route=\/wp\/v2\/pages"}],"about":[{"href":"https:\/\/lucecieszyn.pl\/index.php?rest_route=\/wp\/v2\/types\/page"}],"author":[{"embeddable":true,"href":"https:\/\/lucecieszyn.pl\/index.php?rest_route=\/wp\/v2\/users\/1"}],"replies":[{"embeddable":true,"href":"https:\/\/lucecieszyn.pl\/index.php?rest_route=%2Fwp%2Fv2%2Fcomments&post=793"}],"version-history":[{"count":11,"href":"https:\/\/lucecieszyn.pl\/index.php?rest_route=\/wp\/v2\/pages\/793\/revisions"}],"predecessor-version":[{"id":1155,"href":"https:\/\/lucecieszyn.pl\/index.php?rest_route=\/wp\/v2\/pages\/793\/revisions\/1155"}],"wp:attachment":[{"href":"https:\/\/lucecieszyn.pl\/index.php?rest_route=%2Fwp%2Fv2%2Fmedia&parent=793"}],"curies":[{"name":"wp","href":"https:\/\/api.w.org\/{rel}","templated":true}]}}