{"id":509,"date":"2020-11-02T20:08:33","date_gmt":"2020-11-02T19:08:33","guid":{"rendered":"http:\/\/lucecieszyn.pl\/?page_id=509"},"modified":"2025-11-17T13:41:05","modified_gmt":"2025-11-17T12:41:05","slug":"o-nas","status":"publish","type":"page","link":"https:\/\/lucecieszyn.pl\/","title":{"rendered":"O nas"},"content":{"rendered":"<p>[et_pb_section fb_built=&#8221;1&#8243; _builder_version=&#8221;4.9.2&#8243; _module_preset=&#8221;default&#8221; use_background_color_gradient=&#8221;on&#8221; background_color_gradient_start=&#8221;rgba(43,135,218,0)&#8221; background_color_gradient_end=&#8221;#edf000&#8243; background_color_gradient_overlays_image=&#8221;on&#8221; background_image=&#8221;https:\/\/lucecieszyn.pl\/wp-content\/uploads\/2022\/05\/Luce-Cieszyn-I-21_22-scaled.jpg&#8221; background_size=&#8221;contain&#8221; vertical_offset=&#8221;4px&#8221; min_height=&#8221;427px&#8221; custom_margin=&#8221;||-82px|||&#8221; custom_padding=&#8221;||413px|||&#8221;][et_pb_row _builder_version=&#8221;4.9.2&#8243; _module_preset=&#8221;default&#8221; background_color_gradient_direction=&#8221;31deg&#8221; custom_padding=&#8221;0px||0px|||&#8221; link_option_url=&#8221;https:\/\/lucecieszyn.pl\/?page_id=519&#8243; link_option_url_new_window=&#8221;on&#8221;][et_pb_column type=&#8221;4_4&#8243; _builder_version=&#8221;4.6.6&#8243; _module_preset=&#8221;default&#8221;][et_pb_text _builder_version=&#8221;4.9.2&#8243; _module_preset=&#8221;default&#8221; header_font=&#8221;Poppins||||||||&#8221; header_text_align=&#8221;center&#8221; header_text_color=&#8221;#ffffff&#8221; header_font_size=&#8221;55px&#8221; width=&#8221;100%&#8221; max_width=&#8221;100%&#8221; min_height=&#8221;100px&#8221; height=&#8221;100px&#8221; max_height=&#8221;1000px&#8221; custom_margin=&#8221;-226px||403px|||&#8221; custom_padding=&#8221;250px||0px|||&#8221; header_text_shadow_style=&#8221;preset5&#8243;]<\/p>\n<h1 style=\"text-align: center;\"><strong><\/strong><\/h1>\n<h1 style=\"text-align: center;\"><strong><\/strong><\/h1>\n<h1 style=\"text-align: center;\"><strong><\/strong><\/h1>\n<h1 style=\"text-align: center;\"><strong><\/strong><\/h1>\n<h1 style=\"text-align: center;\"><strong><\/strong><\/h1>\n<h1 style=\"text-align: center;\"><strong><\/strong><\/h1>\n<h1 style=\"text-align: center;\"><strong><\/strong><\/h1>\n<h1 style=\"text-align: center;\"><strong><\/strong><\/h1>\n<h1 style=\"text-align: center;\"><strong><\/strong><\/h1>\n<h1 style=\"text-align: center;\"><strong><\/strong><\/h1>\n<h1 style=\"text-align: center;\"><strong>Do\u0142\u0105cz do naszej dru\u017cyny<\/strong><\/h1>\n<p>[\/et_pb_text][\/et_pb_column][\/et_pb_row][et_pb_row _builder_version=&#8221;4.6.6&#8243; _module_preset=&#8221;default&#8221; min_height=&#8221;62px&#8221; custom_margin=&#8221;-52px|auto||auto||&#8221; custom_padding=&#8221;||0px|||&#8221;][et_pb_column type=&#8221;4_4&#8243; _builder_version=&#8221;4.6.6&#8243; _module_preset=&#8221;default&#8221;][et_pb_button button_url=&#8221;https:\/\/lucecieszyn.pl\/?page_id=519&#8243; button_text=&#8221;POBIERZ DOKUMENTY&#8221; button_alignment=&#8221;center&#8221; _builder_version=&#8221;4.9.2&#8243; _module_preset=&#8221;default&#8221; custom_button=&#8221;on&#8221; button_text_size=&#8221;22px&#8221; button_text_color=&#8221;#ffffff&#8221; button_bg_color=&#8221;rgba(0,0,0,0.24)&#8221; button_border_width=&#8221;2px&#8221; button_font=&#8221;Poppins|500|||||||&#8221; button_icon=&#8221;%%26%%&#8221; custom_margin=&#8221;-209px||-209px||true|false&#8221; custom_padding=&#8221;0px||0px||false|false&#8221;][\/et_pb_button][\/et_pb_column][\/et_pb_row][\/et_pb_section][et_pb_section fb_built=&#8221;1&#8243; _builder_version=&#8221;4.9.2&#8243; _module_preset=&#8221;default&#8221; use_background_color_gradient=&#8221;on&#8221; background_color_gradient_start=&#8221;#00b727&#8243; background_image=&#8221;https:\/\/lucecieszyn.pl\/wp-content\/uploads\/2020\/09\/hokej-na-lodzie.jpg&#8221; parallax=&#8221;on&#8221; min_height=&#8221;178px&#8221; custom_margin=&#8221;2px|||||&#8221; custom_padding=&#8221;72px||372px|||&#8221; top_divider_style=&#8221;mountains2&#8243; top_divider_color=&#8221;#EDF000&#8243; top_divider_height=&#8221;433px&#8221;][et_pb_row column_structure=&#8221;3_5,2_5&#8243; _builder_version=&#8221;4.6.6&#8243; _module_preset=&#8221;default&#8221; max_width=&#8221;1195px&#8221; min_height=&#8221;398px&#8221; height=&#8221;716px&#8221; max_height=&#8221;979px&#8221; custom_padding=&#8221;0px|||||&#8221;][et_pb_column type=&#8221;3_5&#8243; _builder_version=&#8221;4.5.1&#8243; _module_preset=&#8221;default&#8221;][et_pb_text _builder_version=&#8221;4.6.6&#8243; _module_preset=&#8221;default&#8221; text_font=&#8221;Amatic SC|700|||||||&#8221; text_text_color=&#8221;#666666&#8243; text_font_size=&#8221;30px&#8221; text_orientation=&#8221;center&#8221; min_height=&#8221;348px&#8221; height=&#8221;488px&#8221; custom_margin=&#8221;-99px||0px|||&#8221;]<\/p>\n<p><em>&#8222;Sukces to suma niewielkiego wysi\u0142ku powtarzanego z dnia na dzie\u0144&#8221;<\/em><\/p>\n<p>[\/et_pb_text][\/et_pb_column][et_pb_column type=&#8221;2_5&#8243; _builder_version=&#8221;4.5.1&#8243; _module_preset=&#8221;default&#8221;][et_pb_text _builder_version=&#8221;4.6.6&#8243; _module_preset=&#8221;default&#8221; text_font=&#8221;Poppins|700|||||||&#8221; text_text_color=&#8221;#000000&#8243; text_font_size=&#8221;15px&#8221; text_orientation=&#8221;justified&#8221; custom_margin=&#8221;-59px|||||&#8221;]<\/p>\n<p><strong>Klub Sportowy LUCE Cieszyn jest jedynym klubem sportowym w Cieszynie szkol\u0105cym dzieci i m\u0142odzie\u017c w hokeju na lodzie oraz w hokeju na rolkach. Klub ma liczne grono sympatyk\u00f3w w\u015br\u00f3d rodzin i znajomych zawodnik\u00f3w, w spo\u0142eczno\u015bci lokalnej i \u015brodowisku sportowym, nie tylko na \u015al\u0105sku, ale i w Polsce.<br \/>Klub swoj\u0105 dzia\u0142alno\u015b\u0107 rozpocz\u0105\u0142 we wrze\u015bniu 2017 roku. Na dzie\u0144 dzisiejszy oko\u0142o 70 os\u00f3b jest cz\u0142onkami klubu\u00a0<\/strong><strong>w wieku 5 do 13 r.\u017c.<\/strong><\/p>\n<p>[\/et_pb_text][\/et_pb_column][\/et_pb_row][\/et_pb_section][et_pb_section fb_built=&#8221;1&#8243; specialty=&#8221;on&#8221; admin_label=&#8221;Timeline&#8221; _builder_version=&#8221;4.5.1&#8243; background_color=&#8221;#efefef&#8221; background_enable_image=&#8221;off&#8221; custom_padding=&#8221;0px|||||&#8221; locked=&#8221;off&#8221;][et_pb_column type=&#8221;1_3&#8243; _builder_version=&#8221;3.25&#8243; custom_padding=&#8221;|||&#8221; custom_padding__hover=&#8221;|||&#8221;][et_pb_text _builder_version=&#8221;4.5.1&#8243; text_font=&#8221;|600|||||||&#8221; text_line_height=&#8221;1.8em&#8221; header_2_font=&#8221;Oswald|500||on|||||&#8221; header_2_font_size=&#8221;80px&#8221; header_4_font=&#8221;Merriweather||||||||&#8221; header_4_text_color=&#8221;#e94558&#8243; header_4_line_height=&#8221;1.4em&#8221; header_2_font_size_tablet=&#8221;60px&#8221; header_2_font_size_phone=&#8221;35px&#8221; header_2_font_size_last_edited=&#8221;on|phone&#8221; header_4_font_size_tablet=&#8221;20px&#8221; header_4_font_size_phone=&#8221;14px&#8221; header_4_font_size_last_edited=&#8221;on|phone&#8221; locked=&#8221;off&#8221;]<\/p>\n<h4><\/h4>\n<h2>nasza historia<\/h2>\n<p>&nbsp;<\/p>\n<p>[\/et_pb_text][\/et_pb_column][et_pb_column type=&#8221;2_3&#8243; specialty_columns=&#8221;2&#8243; _builder_version=&#8221;3.25&#8243; custom_padding=&#8221;|||&#8221; custom_padding__hover=&#8221;|||&#8221;][et_pb_row_inner _builder_version=&#8221;4.9.2&#8243; width=&#8221;99.8%&#8221; custom_padding=&#8221;|||30px|false|false&#8221; animation_style=&#8221;slide&#8221; animation_direction=&#8221;right&#8221; border_color_all=&#8221;#e94558&#8243; border_width_left=&#8221;2px&#8221;][et_pb_column_inner saved_specialty_column_type=&#8221;2_3&#8243; _builder_version=&#8221;4.0.6&#8243;][et_pb_blurb title=&#8221;2017\/2018&#8243; use_icon=&#8221;on&#8221; font_icon=&#8221;%%61%%&#8221; icon_color=&#8221;#e94558&#8243; icon_placement=&#8221;left&#8221; content_max_width=&#8221;100%&#8221; use_icon_font_size=&#8221;on&#8221; icon_font_size=&#8221;40px&#8221; _builder_version=&#8221;4.0.10&#8243; header_level=&#8221;h5&#8243; header_font=&#8221;Oswald|||on|||||&#8221; header_text_color=&#8221;#e94558&#8243; header_line_height=&#8221;1.4em&#8221; body_font=&#8221;Merriweather|700|||||||&#8221; body_text_color=&#8221;#000000&#8243; body_font_size=&#8221;20px&#8221; body_line_height=&#8221;1.8em&#8221; custom_margin=&#8221;|||-51px|false|false&#8221; body_font_size_tablet=&#8221;18px&#8221; body_font_size_phone=&#8221;16px&#8221; body_font_size_last_edited=&#8221;on|phone&#8221; locked=&#8221;off&#8221;]<\/p>\n<p>Start w rozgrywkach \u015al\u0105skiej Ligi Hokeja na Lodzie w kategorii:<\/p>\n<p>&nbsp;<\/p>\n<ul>\n<li>MINIHOKEJ (roczniki 2009 i m\u0142odsi).<\/li>\n<\/ul>\n<p>[\/et_pb_blurb][\/et_pb_column_inner][\/et_pb_row_inner][et_pb_row_inner _builder_version=&#8221;4.9.2&#8243; custom_padding=&#8221;|||30px|false|false&#8221; animation_style=&#8221;slide&#8221; animation_direction=&#8221;right&#8221; border_color_all=&#8221;#e94558&#8243; border_width_left=&#8221;2px&#8221;][et_pb_column_inner saved_specialty_column_type=&#8221;2_3&#8243; _builder_version=&#8221;4.0.6&#8243;][et_pb_blurb title=&#8221;2018\/2019&#8243; use_icon=&#8221;on&#8221; font_icon=&#8221;%%61%%&#8221; icon_color=&#8221;#e94558&#8243; icon_placement=&#8221;left&#8221; content_max_width=&#8221;100%&#8221; use_icon_font_size=&#8221;on&#8221; icon_font_size=&#8221;40px&#8221; _builder_version=&#8221;4.0.10&#8243; header_level=&#8221;h5&#8243; header_font=&#8221;Oswald|||on|||||&#8221; header_text_color=&#8221;#e94558&#8243; header_line_height=&#8221;1.4em&#8221; body_font=&#8221;Merriweather|700|||||||&#8221; body_text_color=&#8221;#000000&#8243; body_font_size=&#8221;20px&#8221; body_line_height=&#8221;1.8em&#8221; custom_margin=&#8221;|||-51px|false|false&#8221; body_font_size_tablet=&#8221;18px&#8221; body_font_size_phone=&#8221;16px&#8221; body_font_size_last_edited=&#8221;on|phone&#8221; locked=&#8221;off&#8221;]<\/p>\n<p>Rywalizacja w dw\u00f3ch kategoriach:\u00a0<\/p>\n<p>&nbsp;<\/p>\n<ul>\n<li>MINIHOKEJ &#8211; rocznik 2010\u00a0<\/li>\n<li>M\u0142odsi MIKRUS &#8211; rocznik 2009\/08<\/li>\n<\/ul>\n<p>[\/et_pb_blurb][et_pb_text _builder_version=&#8221;4.0.10&#8243; text_font=&#8221;|600|||||||&#8221; text_line_height=&#8221;1.8em&#8221; locked=&#8221;off&#8221;][\/et_pb_text][\/et_pb_column_inner][\/et_pb_row_inner][et_pb_row_inner _builder_version=&#8221;4.9.2&#8243; custom_padding=&#8221;|||30px|false|false&#8221; animation_style=&#8221;slide&#8221; animation_direction=&#8221;right&#8221; border_color_all=&#8221;#e94558&#8243; border_width_left=&#8221;2px&#8221;][et_pb_column_inner saved_specialty_column_type=&#8221;2_3&#8243; _builder_version=&#8221;4.0.6&#8243;][et_pb_blurb title=&#8221;2019\/2020&#8243; use_icon=&#8221;on&#8221; font_icon=&#8221;%%61%%&#8221; icon_color=&#8221;#e94558&#8243; icon_placement=&#8221;left&#8221; content_max_width=&#8221;100%&#8221; use_icon_font_size=&#8221;on&#8221; icon_font_size=&#8221;40px&#8221; _builder_version=&#8221;4.0.10&#8243; header_level=&#8221;h5&#8243; header_font=&#8221;Oswald|||on|||||&#8221; header_text_color=&#8221;#e94558&#8243; header_line_height=&#8221;1.4em&#8221; body_font=&#8221;Merriweather|700|||||||&#8221; body_text_color=&#8221;#000000&#8243; body_font_size=&#8221;20px&#8221; body_line_height=&#8221;1.8em&#8221; custom_margin=&#8221;-58px|||-51px|false|false&#8221; body_font_size_tablet=&#8221;18px&#8221; body_font_size_phone=&#8221;16px&#8221; body_font_size_last_edited=&#8221;on|phone&#8221; locked=&#8221;off&#8221;]<\/p>\n<p>Rywalizacja w dw\u00f3ch kategoriach:<\/p>\n<p>&nbsp;<\/p>\n<ul>\n<li>MINIHOKEJ\u00a0<\/li>\n<li>\u017bak M\u0142odszy &#8211; po raz pierwszy w historii klubu<\/li>\n<\/ul>\n<p>[\/et_pb_blurb][\/et_pb_column_inner][\/et_pb_row_inner][et_pb_row_inner _builder_version=&#8221;4.9.2&#8243; custom_padding=&#8221;|||30px|false|false&#8221; animation_style=&#8221;slide&#8221; animation_direction=&#8221;right&#8221; border_color_all=&#8221;#e94558&#8243; border_width_left=&#8221;2px&#8221;][et_pb_column_inner saved_specialty_column_type=&#8221;2_3&#8243; _builder_version=&#8221;4.0.6&#8243;][et_pb_blurb title=&#8221;2020\/2021&#8243; use_icon=&#8221;on&#8221; font_icon=&#8221;%%61%%&#8221; icon_color=&#8221;#e94558&#8243; icon_placement=&#8221;left&#8221; content_max_width=&#8221;100%&#8221; use_icon_font_size=&#8221;on&#8221; icon_font_size=&#8221;40px&#8221; _builder_version=&#8221;4.9.2&#8243; header_level=&#8221;h5&#8243; header_font=&#8221;Oswald|||on|||||&#8221; header_text_color=&#8221;#e94558&#8243; header_line_height=&#8221;1.4em&#8221; body_font=&#8221;Merriweather|700|||||||&#8221; body_text_color=&#8221;#000000&#8243; body_font_size=&#8221;20px&#8221; body_line_height=&#8221;1.8em&#8221; custom_margin=&#8221;||-126px|-51px|false|false&#8221; body_font_size_tablet=&#8221;18px&#8221; body_font_size_phone=&#8221;16px&#8221; body_font_size_last_edited=&#8221;on|phone&#8221; locked=&#8221;off&#8221;]<\/p>\n<p>Rywalizacja w trzech kategoriach:<\/p>\n<ul>\n<li>MINIHOKEJ roczniki 2012\/2013<\/li>\n<li>MINIHOKEJ roczniki 2013\/2014<\/li>\n<li>\u017bak M\u0142odszy<\/li>\n<\/ul>\n<p>&nbsp;<\/p>\n<p>&nbsp;<\/p>\n<p>[\/et_pb_blurb][\/et_pb_column_inner][\/et_pb_row_inner][et_pb_row_inner _builder_version=&#8221;4.9.2&#8243; custom_padding=&#8221;|||30px|false|false&#8221; animation_style=&#8221;slide&#8221; animation_direction=&#8221;right&#8221; border_color_all=&#8221;#e94558&#8243; border_width_left=&#8221;2px&#8221;][et_pb_column_inner saved_specialty_column_type=&#8221;2_3&#8243; _builder_version=&#8221;4.0.6&#8243;][et_pb_blurb title=&#8221;2021\/2022&#8243; use_icon=&#8221;on&#8221; font_icon=&#8221;%%61%%&#8221; icon_color=&#8221;#e94558&#8243; icon_placement=&#8221;left&#8221; content_max_width=&#8221;100%&#8221; use_icon_font_size=&#8221;on&#8221; icon_font_size=&#8221;40px&#8221; _builder_version=&#8221;4.0.10&#8243; header_level=&#8221;h5&#8243; header_font=&#8221;Oswald|||on|||||&#8221; header_text_color=&#8221;#e94558&#8243; header_line_height=&#8221;1.4em&#8221; body_font=&#8221;Merriweather|700|||||||&#8221; body_text_color=&#8221;#000000&#8243; body_font_size=&#8221;20px&#8221; body_line_height=&#8221;1.8em&#8221; custom_margin=&#8221;|||-51px|false|false&#8221; body_font_size_tablet=&#8221;18px&#8221; body_font_size_phone=&#8221;16px&#8221; body_font_size_last_edited=&#8221;on|phone&#8221; locked=&#8221;off&#8221;]<\/p>\n<p>Rywalizacja w trzech kategoriach:\u00a0<\/p>\n<p>&nbsp;<\/p>\n<ul>\n<li>MINIHOKEJ rocznik 2013 i m\u0142odsi<\/li>\n<li>MINIHOKEJ rocznik 2014 i m\u0142odsi<\/li>\n<li>MIKRUS<\/li>\n<\/ul>\n<p>[\/et_pb_blurb][et_pb_blurb title=&#8221;2022\/2023&#8243; use_icon=&#8221;on&#8221; font_icon=&#8221;%%61%%&#8221; icon_color=&#8221;#e94558&#8243; icon_placement=&#8221;left&#8221; content_max_width=&#8221;100%&#8221; use_icon_font_size=&#8221;on&#8221; icon_font_size=&#8221;40px&#8221; _builder_version=&#8221;4.9.2&#8243; header_level=&#8221;h5&#8243; header_font=&#8221;Oswald|||on|||||&#8221; header_text_color=&#8221;#e94558&#8243; header_line_height=&#8221;1.4em&#8221; body_font=&#8221;Merriweather|700|||||||&#8221; body_text_color=&#8221;#000000&#8243; body_font_size=&#8221;20px&#8221; body_line_height=&#8221;1.8em&#8221; custom_margin=&#8221;|||-51px|false|false&#8221; body_font_size_tablet=&#8221;18px&#8221; body_font_size_phone=&#8221;16px&#8221; body_font_size_last_edited=&#8221;on|phone&#8221; locked=&#8221;off&#8221;]<\/p>\n<p>Rywalizacja w trzech kategoriach:<\/p>\n<p>&nbsp;<\/p>\n<ul>\n<li>MINIHOKEJ rocznik 2013 i m\u0142odsi<\/li>\n<li>MINIHOKEJ rocznik 2015 i m\u0142odsi<\/li>\n<li>MIKRUS<\/li>\n<\/ul>\n<p>[\/et_pb_blurb][et_pb_blurb title=&#8221;2023\/2024&#8243; use_icon=&#8221;on&#8221; font_icon=&#8221;%%61%%&#8221; icon_color=&#8221;#e94558&#8243; icon_placement=&#8221;left&#8221; content_max_width=&#8221;100%&#8221; use_icon_font_size=&#8221;on&#8221; icon_font_size=&#8221;40px&#8221; _builder_version=&#8221;4.9.2&#8243; header_level=&#8221;h5&#8243; header_font=&#8221;Oswald|||on|||||&#8221; header_text_color=&#8221;#e94558&#8243; header_line_height=&#8221;1.4em&#8221; body_font=&#8221;Merriweather|700|||||||&#8221; body_text_color=&#8221;#000000&#8243; body_font_size=&#8221;20px&#8221; body_line_height=&#8221;1.8em&#8221; custom_margin=&#8221;|||-51px|false|false&#8221; body_font_size_tablet=&#8221;18px&#8221; body_font_size_phone=&#8221;16px&#8221; body_font_size_last_edited=&#8221;on|phone&#8221; locked=&#8221;off&#8221;]<\/p>\n<p>Rywalizacja w czterech kategoriach:<\/p>\n<ul>\n<li>Minihokej 2014 i M\u0142odsi<\/li>\n<li>MIKRUS<\/li>\n<li>\u017bak M\u0142odszy<\/li>\n<li>\u017bak Starszy\u00a0<\/li>\n<\/ul>\n<div><\/div>\n<p>[\/et_pb_blurb][et_pb_blurb title=&#8221;2024\/2025&#8243; use_icon=&#8221;on&#8221; font_icon=&#8221;%%61%%&#8221; icon_color=&#8221;#e94558&#8243; icon_placement=&#8221;left&#8221; content_max_width=&#8221;100%&#8221; use_icon_font_size=&#8221;on&#8221; icon_font_size=&#8221;40px&#8221; _builder_version=&#8221;4.9.2&#8243; header_level=&#8221;h5&#8243; header_font=&#8221;Oswald|||on|||||&#8221; header_text_color=&#8221;#e94558&#8243; header_line_height=&#8221;1.4em&#8221; body_font=&#8221;Merriweather|700|||||||&#8221; body_text_color=&#8221;#000000&#8243; body_font_size=&#8221;20px&#8221; body_line_height=&#8221;1.8em&#8221; custom_margin=&#8221;|||-51px|false|false&#8221; body_font_size_tablet=&#8221;18px&#8221; body_font_size_phone=&#8221;16px&#8221; body_font_size_last_edited=&#8221;on|phone&#8221; locked=&#8221;off&#8221;]<\/p>\n<p>Rywalizacja w czterech kategoriach:<\/p>\n<ul>\n<li>Minihokej 2016 i M\u0142odsi<\/li>\n<li>MIKRUS<\/li>\n<li>\u017bak M\u0142odszy<\/li>\n<li>\u017bak Starszy\u00a0<\/li>\n<\/ul>\n<div><\/div>\n<p>[\/et_pb_blurb][et_pb_blurb title=&#8221;2025\/2026&#8243; use_icon=&#8221;on&#8221; font_icon=&#8221;%%61%%&#8221; icon_color=&#8221;#e94558&#8243; icon_placement=&#8221;left&#8221; content_max_width=&#8221;100%&#8221; use_icon_font_size=&#8221;on&#8221; icon_font_size=&#8221;40px&#8221; _builder_version=&#8221;4.9.2&#8243; header_level=&#8221;h5&#8243; header_font=&#8221;Oswald|||on|||||&#8221; header_text_color=&#8221;#e94558&#8243; header_line_height=&#8221;1.4em&#8221; body_font=&#8221;Merriweather|700|||||||&#8221; body_text_color=&#8221;#000000&#8243; body_font_size=&#8221;20px&#8221; body_line_height=&#8221;1.8em&#8221; custom_margin=&#8221;|||-51px|false|false&#8221; body_font_size_tablet=&#8221;18px&#8221; body_font_size_phone=&#8221;16px&#8221; body_font_size_last_edited=&#8221;on|phone&#8221; locked=&#8221;off&#8221;]<\/p>\n<p>Rywalizacja w trzech kategoriach:<\/p>\n<ul>\n<li>Minihokej 2017 i M\u0142odsi<\/li>\n<li>MIKRUS<\/li>\n<li>\u017bak M\u0142odszy<\/li>\n<\/ul>\n<div><\/div>\n<p>[\/et_pb_blurb][et_pb_text _builder_version=&#8221;4.0.10&#8243; text_font=&#8221;|600|||||||&#8221; text_line_height=&#8221;1.8em&#8221; locked=&#8221;off&#8221;][\/et_pb_text][\/et_pb_column_inner][\/et_pb_row_inner][\/et_pb_column][\/et_pb_section][et_pb_section fb_built=&#8221;1&#8243; prev_background_color=&#8221;#efefef&#8221; _builder_version=&#8221;4.6.6&#8243; _module_preset=&#8221;default&#8221; background_color=&#8221;#EDF000&#8243; background_enable_image=&#8221;off&#8221; top_divider_style=&#8221;mountains2&#8243; top_divider_height=&#8221;62px&#8221; animation_style=&#8221;flip&#8221;][et_pb_row column_structure=&#8221;1_5,1_5,1_5,1_5,1_5&#8243; _builder_version=&#8221;4.6.6&#8243; _module_preset=&#8221;default&#8221; custom_padding=&#8221;25px|||||&#8221;][et_pb_column type=&#8221;1_5&#8243; _builder_version=&#8221;4.5.1&#8243; _module_preset=&#8221;default&#8221;][et_pb_team_member name=&#8221;MARCIN&#8221; position=&#8221;Trener&#8221; image_url=&#8221;https:\/\/lucecieszyn.pl\/wp-content\/uploads\/2021\/03\/marcin-slama.png&#8221; _builder_version=&#8221;4.9.2&#8243; _module_preset=&#8221;default&#8221; background_color=&#8221;#EDF000&#8243; text_orientation=&#8221;center&#8221; border_radii_image=&#8221;on|150px|150px|150px|150px&#8221;]<\/p>\n<p style=\"text-align: justify;\"><span>Jestem absolwentem AWF w Katowicach, na kt\u00f3rym uko\u0144czy\u0142em r\u00f3wnie\u017c kursy instruktorskie z pi\u0142ki no\u017cnej, pi\u0142ki siatkowej oraz hokeja na lodzie. Od dzieci\u0144stwa zwi\u0105zany jestem ze sportem, a zw\u0142aszcza z hokejem. Aktualnie swoje pasje realizuj\u0119 graj\u0105c w dru\u017cynach HC Pantery oraz Luce. Od 16 lat staram si\u0119 zara\u017ca\u0107 pasj\u0105 do sportu dzieci i m\u0142odzie\u017c.<\/span><\/p>\n<p>[\/et_pb_team_member][\/et_pb_column][et_pb_column type=&#8221;1_5&#8243; _builder_version=&#8221;4.5.1&#8243; _module_preset=&#8221;default&#8221;][et_pb_team_member name=&#8221;AGNIESZKA&#8221; position=&#8221;Trener&#8221; image_url=&#8221;https:\/\/lucecieszyn.pl\/wp-content\/uploads\/2021\/03\/agnieszka-slama.png&#8221; _builder_version=&#8221;4.9.2&#8243; _module_preset=&#8221;default&#8221; text_orientation=&#8221;center&#8221; border_radii_image=&#8221;on|150px|150px|150px|150px&#8221;]<\/p>\n<p style=\"text-align: justify;\"><span>Jestem absolwentk\u0105 U\u015a oraz PWSZ w Raciborzu na kierunku pedagogika resocjalizacyjna z wychowaniem fizycznym. Od 13 lat pracuj\u0119 z dzie\u0107mi, m\u0142odzie\u017c\u0105 i rodzicami przekazuj\u0105c warto\u015bci wychowawcze i korzy\u015bci psychiczne p\u0142yn\u0105ce z ruchu. \u0141\u0105cz\u0119 prac\u0119 pedagoga z zami\u0142owaniem do jazdy na \u0142y\u017cwach, gimnastyki, ta\u0144ca i aerobiku.<\/span><\/p>\n<p>[\/et_pb_team_member][\/et_pb_column][et_pb_column type=&#8221;1_5&#8243; _builder_version=&#8221;4.9.2&#8243; _module_preset=&#8221;default&#8221;][et_pb_team_member name=&#8221;KRZYSIEK&#8221; position=&#8221;Trener&#8221; image_url=&#8221;data:image\/svg+xml;base64,PHN2ZyB3aWR0aD0iNTAwIiBoZWlnaHQ9IjUwMCIgdmlld0JveD0iMCAwIDUwMCA1MDAiIHhtbG5zPSJodHRwOi8vd3d3LnczLm9yZy8yMDAwL3N2ZyI+CiAgICA8ZyBmaWxsPSJub25lIiBmaWxsLXJ1bGU9ImV2ZW5vZGQiPgogICAgICAgIDxwYXRoIGZpbGw9IiNFQkVCRUIiIGQ9Ik0wIDBoNTAwdjUwMEgweiIvPgogICAgICAgIDxyZWN0IGZpbGwtb3BhY2l0eT0iLjEiIGZpbGw9IiMwMDAiIHg9IjY4IiB5PSIzMDUiIHdpZHRoPSIzNjQiIGhlaWdodD0iNTY4IiByeD0iMTgyIi8+CiAgICAgICAgPGNpcmNsZSBmaWxsLW9wYWNpdHk9Ii4xIiBmaWxsPSIjMDAwIiBjeD0iMjQ5IiBjeT0iMTcyIiByPSIxMDAiLz4KICAgIDwvZz4KPC9zdmc+Cg==&#8221; _builder_version=&#8221;4.9.2&#8243; _module_preset=&#8221;default&#8221; header_text_align=&#8221;center&#8221; body_text_align=&#8221;center&#8221; position_text_align=&#8221;center&#8221; border_radii_image=&#8221;on|150px|150px|150px|150px&#8221;]<\/p>\n<p style=\"text-align: justify;\"><span>Absolwent US w Cieszynie, wychowanie fizyczne i zdrowotne z turystyka -zawodnik dru\u017cyny hokejowej ,,HC Pantery Cieszyn&#8221; gdzie reprezentuje jej barwy w czeskiej amatorskiej lidze hokeja na lodzie ,,Bahl&#8221; &#8211; <\/span><span>Od 20 lat \u00a0gram w hokeja na lodzie gdzie opr\u00f3cz rozwijania swojej pasji pozna\u0142em warto\u015bciowych graczy, koleg\u00f3w. Hokej to nie tylko sport to co\u015b wi\u0119cej.<\/span><\/p>\n<p>[\/et_pb_team_member][\/et_pb_column][et_pb_column type=&#8221;1_5&#8243; _builder_version=&#8221;4.5.1&#8243; _module_preset=&#8221;default&#8221;][et_pb_team_member name=&#8221;JACEK&#8221; position=&#8221;Trener&#8221; image_url=&#8221;https:\/\/lucecieszyn.pl\/wp-content\/uploads\/2022\/03\/Projekt-bez-tytulu.png&#8221; _builder_version=&#8221;4.9.2&#8243; _module_preset=&#8221;default&#8221; header_text_align=&#8221;center&#8221; body_text_align=&#8221;center&#8221; position_text_align=&#8221;center&#8221; width=&#8221;99.5%&#8221; border_radii_image=&#8221;on|150px|150px|150px|150px&#8221;][\/et_pb_team_member][\/et_pb_column][et_pb_column type=&#8221;1_5&#8243; _builder_version=&#8221;4.5.1&#8243; _module_preset=&#8221;default&#8221;][et_pb_team_member name=&#8221;WOJTEK&#8221; position=&#8221;Trener&#8221; _builder_version=&#8221;4.9.2&#8243; _module_preset=&#8221;default&#8221; header_text_align=&#8221;center&#8221; body_text_align=&#8221;center&#8221; position_text_align=&#8221;center&#8221; width=&#8221;99.5%&#8221; border_radii_image=&#8221;on|150px|150px|150px|150px&#8221;]<\/p>\n<p style=\"text-align: justify;\">Jestem Instruktorem hokeja na lodzie, instruktorem PZSW oraz absolwentem AWF w Krakowie. Od najm\u0142odszych lat zwi\u0105zany jestem z \u0142y\u017cwami i rolkami. Jestem zawodnikiem dru\u017cyny hokejowej na rolkach LUCE Bielsko-Bia\u0142a oraz na lodzie Vikings O\u015bwi\u0119cim. Od 2025 roku jestem trenerem grup m\u0142odzie\u017cowych w KS LUCE Cieszyn \ud83d\ude42<br \/>Poza rolkami: Sp\u0119dzam czas z rodzin\u0105 oraz rozwijam pasj\u0119 jak\u0105 jest jazda na rolkach i \u0142y\u017cwach.<br \/>Osi\u0105gni\u0119cia: Za\u0142o\u017cenie rodziny: \u017bona Asia i Syn Miko\u0142aj \ud83d\ude42 i moje zwierzaki pies Black, kot Tiger oraz kotka Lola \ud83d\ude42<\/p>\n<p>[\/et_pb_team_member][\/et_pb_column][\/et_pb_row][et_pb_row column_structure=&#8221;1_4,1_4,1_4,1_4&#8243; _builder_version=&#8221;4.6.6&#8243; _module_preset=&#8221;default&#8221; custom_padding=&#8221;25px|||||&#8221;][et_pb_column type=&#8221;1_4&#8243; _builder_version=&#8221;4.5.1&#8243; _module_preset=&#8221;default&#8221;][et_pb_team_member name=&#8221;MILAN&#8221; position=&#8221;Trener&#8221; image_url=&#8221;https:\/\/lucecieszyn.pl\/wp-content\/uploads\/2022\/03\/Projekt-bez-tytulu-3.png&#8221; _builder_version=&#8221;4.9.2&#8243; _module_preset=&#8221;default&#8221; background_color=&#8221;#EDF000&#8243; text_orientation=&#8221;center&#8221; border_radii_image=&#8221;on|150px|150px|150px|150px&#8221;][\/et_pb_team_member][\/et_pb_column][et_pb_column type=&#8221;1_4&#8243; _builder_version=&#8221;4.5.1&#8243; _module_preset=&#8221;default&#8221;][et_pb_team_member name=&#8221;BRONISLAV&#8221; position=&#8221;Trener&#8221; image_url=&#8221;https:\/\/lucecieszyn.pl\/wp-content\/uploads\/2022\/03\/Projekt-bez-tytulu-2.png&#8221; _builder_version=&#8221;4.9.2&#8243; _module_preset=&#8221;default&#8221; text_orientation=&#8221;center&#8221; border_radii_image=&#8221;on|150px|150px|150px|150px&#8221;][\/et_pb_team_member][\/et_pb_column][et_pb_column type=&#8221;1_4&#8243; _builder_version=&#8221;4.9.2&#8243; _module_preset=&#8221;default&#8221;][et_pb_team_member name=&#8221;DAMIAN&#8221; position=&#8221;Trener&#8221; image_url=&#8221;https:\/\/lucecieszyn.pl\/wp-content\/uploads\/2022\/05\/Projekt-bez-tytulu-7.png&#8221; _builder_version=&#8221;4.9.2&#8243; _module_preset=&#8221;default&#8221; header_text_align=&#8221;center&#8221; body_text_align=&#8221;center&#8221; position_text_align=&#8221;center&#8221; hover_enabled=&#8221;0&#8243; border_radii_image=&#8221;on|150px|150px|150px|150px&#8221; sticky_enabled=&#8221;0&#8243;]<\/p>\n<p style=\"text-align: justify;\">Wychowanek JKH GKS Jastrzebie, nast\u0119pnie w latach 1995-1998 zawodnik w juniorach Polonia Bytom oraz wystepy w kadrze U 18. W latach 2005-2008 zawodnik 1 ligi Jkh GKS Jastrzebie 2005-2008 z awansem do ekstraklasy, w kt\u00f3rej wyst\u0119powa\u0142em w latach 2007-2011. \u00a0W roli trenera r w latach 1999-2005 i 2011 &#8211; 2019 w Jastrzebiu, a od 2021 w KS LUCE Cieszyn .<\/p>\n<p>[\/et_pb_team_member][\/et_pb_column][et_pb_column type=&#8221;1_4&#8243; _builder_version=&#8221;4.5.1&#8243; _module_preset=&#8221;default&#8221;][et_pb_team_member name=&#8221;OSKAR&#8221; position=&#8221;Trener&#8221; image_url=&#8221;https:\/\/lucecieszyn.pl\/wp-content\/uploads\/2025\/11\/Projekt-bez-nazwy-4.png&#8221; _builder_version=&#8221;4.9.2&#8243; _module_preset=&#8221;default&#8221; header_text_align=&#8221;center&#8221; body_text_align=&#8221;center&#8221; position_text_align=&#8221;center&#8221; border_radii_image=&#8221;on|150px|150px|150px|150px&#8221;]<\/p>\n<p style=\"text-align: justify;\">Swoj\u0105 przygod\u0119 z hokejem rozpocz\u0105\u0142em w wieku trzech lat w klubie HC Ocel\u00e1\u0159i T\u0159inec. W okresie licealnym przenios\u0142em si\u0119 do SMS PZHL, a w mi\u0119dzyczasie broni\u0142em r\u00f3wnie\u017c w Zag\u0142\u0119biu Sosnowiec oraz reprezentacji U18 i U20. Po uko\u0144czeniu szko\u0142y SMS PZHL &#8211; zosta\u0142em rezerwowym bramkarzem JKH GKS Jastrz\u0119bie, gdzie wyst\u0119powa\u0142em w latach 2018\u20132023. Obecnie jestem trenerem bramkarzy i przekazuj\u0119 zdobyte do\u015bwiadczenie. Zar\u00f3wno to wyniesione z w\u0142asnej kariery zawodniczej, jak i wiedz\u0119 uzyskan\u0105 od innych bramkarzy oraz trener\u00f3w, z kt\u00f3rymi mia\u0142em okazj\u0119 wsp\u00f3\u0142pracowa\u0107.<\/p>\n<p>[\/et_pb_team_member][\/et_pb_column][\/et_pb_row][\/et_pb_section][et_pb_section fb_built=&#8221;1&#8243; _builder_version=&#8221;4.9.2&#8243; _module_preset=&#8221;default&#8221;][\/et_pb_section][et_pb_section fb_built=&#8221;1&#8243; fullwidth=&#8221;on&#8221; prev_background_color=&#8221;#ffffff&#8221; _builder_version=&#8221;4.9.2&#8243; _module_preset=&#8221;default&#8221; background_color=&#8221;#000000&#8243; custom_margin=&#8221;-4px|||||&#8221; top_divider_style=&#8221;mountains2&#8243; animation_style=&#8221;slide&#8221; animation_direction=&#8221;right&#8221;][et_pb_fullwidth_header title=&#8221;Sk\u0142adka cz\u0142onkowska od 160 z\u0142\/mc&#8221; text_orientation=&#8221;center&#8221; background_overlay_color=&#8221;#000000&#8243; _builder_version=&#8221;4.6.6&#8243; _module_preset=&#8221;default&#8221; title_font=&#8221;Poppins|700|||||||&#8221; title_text_align=&#8221;center&#8221; title_text_color=&#8221;#FFFFFF&#8221; title_font_size=&#8221;35px&#8221; title_letter_spacing=&#8221;2px&#8221; title_line_height=&#8221;1.3em&#8221; content_font=&#8221;Poppins|700|||||||&#8221; content_text_align=&#8221;center&#8221; background_layout=&#8221;light&#8221; min_height=&#8221;334px&#8221; custom_padding=&#8221;||49px|||&#8221; title_text_shadow_style=&#8221;preset4&#8243; title_text_shadow_color=&#8221;rgba(0,0,0,0)&#8221; box_shadow_style=&#8221;preset6&#8243; box_shadow_color=&#8221;#EDF000&#8243;]<\/p>\n<p style=\"text-align: center;\"><span style=\"font-size: 14px;\">B\u0119d\u0105c cz\u0142onkiem Klubu Sportowego Cieszyn mamy mo\u017cliwo\u015b\u0107 wst\u0119pu na wszystkie treningi hokejowe.\u00a0<\/span><span style=\"font-size: 14px;\">Wp\u0142aty nale\u017cy dokonywa\u0107 przelewem do 10 dnia ka\u017cdego miesi\u0105c.<\/span><\/p>\n<p style=\"text-align: center;\"><span style=\"font-size: 14px;\">Wysoko\u015b\u0107 sk\u0142adki cz\u0142onkowskiej uzale\u017cniona jest od przynale\u017cno\u015bci do grupy szkoleniowej.<\/span><\/p>\n<p><span style=\"font-size: 14px;\"><\/span><\/p>\n<p><span style=\"font-size: 14px;\"><\/span><\/p>\n<p>[\/et_pb_fullwidth_header][et_pb_fullwidth_header title=&#8221;Dane do przelewu:&#8221; _builder_version=&#8221;4.6.6&#8243; _module_preset=&#8221;default&#8221; title_font=&#8221;Poppins||||||||&#8221; title_text_align=&#8221;center&#8221; title_text_color=&#8221;#000000&#8243; title_font_size=&#8221;59px&#8221; content_font=&#8221;Poppins|300|||||||&#8221; content_text_color=&#8221;#000000&#8243; background_color=&#8221;#EDF000&#8243; width=&#8221;100%&#8221; min_height=&#8221;236px&#8221; custom_padding=&#8221;19px|||||&#8221;]<\/p>\n<p style=\"text-align: center;\">Klub Sportowy LUCE Cieszyn ul. Sportowa 1<\/p>\n<p style=\"text-align: center;\">43-400\u00a0Cieszyn<br \/>NIP: 5482687190<\/p>\n<p style=\"text-align: center;\">ING Bank \u015alaski S.A<br \/><strong>PL 29 1050 1070 1000 0090 3134 4543<\/strong><\/p>\n<p style=\"text-align: center;\"><strong>Tytu\u0142em:<\/strong> Sk\u0142adkaCz\u0142onkowska_Miesi\u0105c_Imi\u0119_Nazwisko<\/p>\n<p>[\/et_pb_fullwidth_header][\/et_pb_section]<\/p>\n","protected":false},"excerpt":{"rendered":"<p>[et_pb_section fb_built=&#8221;1&#8243; _builder_version=&#8221;4.9.2&#8243; _module_preset=&#8221;default&#8221; use_background_color_gradient=&#8221;on&#8221; background_color_gradient_start=&#8221;rgba(43,135,218,0)&#8221; background_color_gradient_end=&#8221;#edf000&#8243; background_color_gradient_overlays_image=&#8221;on&#8221; background_image=&#8221;https:\/\/lucecieszyn.pl\/wp-content\/uploads\/2022\/05\/Luce-Cieszyn-I-21_22-scaled.jpg&#8221; background_size=&#8221;contain&#8221; vertical_offset=&#8221;4px&#8221; min_height=&#8221;427px&#8221; custom_margin=&#8221;||-82px|||&#8221; custom_padding=&#8221;||413px|||&#8221;][et_pb_row _builder_version=&#8221;4.9.2&#8243; _module_preset=&#8221;default&#8221; background_color_gradient_direction=&#8221;31deg&#8221; custom_padding=&#8221;0px||0px|||&#8221; link_option_url=&#8221;https:\/\/lucecieszyn.pl\/?page_id=519&#8243; link_option_url_new_window=&#8221;on&#8221;][et_pb_column type=&#8221;4_4&#8243; _builder_version=&#8221;4.6.6&#8243; _module_preset=&#8221;default&#8221;][et_pb_text _builder_version=&#8221;4.9.2&#8243; _module_preset=&#8221;default&#8221; header_font=&#8221;Poppins||||||||&#8221; header_text_align=&#8221;center&#8221; header_text_color=&#8221;#ffffff&#8221; header_font_size=&#8221;55px&#8221; width=&#8221;100%&#8221; max_width=&#8221;100%&#8221; min_height=&#8221;100px&#8221; height=&#8221;100px&#8221; max_height=&#8221;1000px&#8221; custom_margin=&#8221;-226px||403px|||&#8221; custom_padding=&#8221;250px||0px|||&#8221; header_text_shadow_style=&#8221;preset5&#8243;] Do\u0142\u0105cz do naszej dru\u017cyny [\/et_pb_text][\/et_pb_column][\/et_pb_row][et_pb_row _builder_version=&#8221;4.6.6&#8243; _module_preset=&#8221;default&#8221; min_height=&#8221;62px&#8221; custom_margin=&#8221;-52px|auto||auto||&#8221; custom_padding=&#8221;||0px|||&#8221;][et_pb_column type=&#8221;4_4&#8243; _builder_version=&#8221;4.6.6&#8243; _module_preset=&#8221;default&#8221;][et_pb_button button_url=&#8221;https:\/\/lucecieszyn.pl\/?page_id=519&#8243; button_text=&#8221;POBIERZ DOKUMENTY&#8221; button_alignment=&#8221;center&#8221; _builder_version=&#8221;4.9.2&#8243; [&hellip;]<\/p>\n","protected":false},"author":1,"featured_media":0,"parent":0,"menu_order":0,"comment_status":"closed","ping_status":"closed","template":"","meta":{"_et_pb_use_builder":"on","_et_pb_old_content":"<!-- wp:divi\/placeholder \/-->","_et_gb_content_width":"","_monsterinsights_skip_tracking":false,"_monsterinsights_sitenote_active":false,"_monsterinsights_sitenote_note":"","_monsterinsights_sitenote_category":0},"yoast_head":"<!-- This site is optimized with the Yoast SEO plugin v19.2 - https:\/\/yoast.com\/wordpress\/plugins\/seo\/ -->\n<title>O nas - LUCE Cieszyn - Klub Hokejowy<\/title>\n<meta name=\"robots\" content=\"index, follow, max-snippet:-1, max-image-preview:large, max-video-preview:-1\" \/>\n<link rel=\"canonical\" href=\"https:\/\/lucecieszyn.pl\/\" \/>\n<meta property=\"og:locale\" content=\"pl_PL\" \/>\n<meta property=\"og:type\" content=\"article\" \/>\n<meta property=\"og:title\" content=\"O nas - LUCE Cieszyn - Klub Hokejowy\" \/>\n<meta property=\"og:description\" content=\"[et_pb_section fb_built=&#8221;1&#8243; _builder_version=&#8221;4.9.2&#8243; _module_preset=&#8221;default&#8221; use_background_color_gradient=&#8221;on&#8221; background_color_gradient_start=&#8221;rgba(43,135,218,0)&#8221; background_color_gradient_end=&#8221;#edf000&#8243; background_color_gradient_overlays_image=&#8221;on&#8221; background_image=&#8221;https:\/\/lucecieszyn.pl\/wp-content\/uploads\/2022\/05\/Luce-Cieszyn-I-21_22-scaled.jpg&#8221; background_size=&#8221;contain&#8221; vertical_offset=&#8221;4px&#8221; min_height=&#8221;427px&#8221; custom_margin=&#8221;||-82px|||&#8221; custom_padding=&#8221;||413px|||&#8221;][et_pb_row _builder_version=&#8221;4.9.2&#8243; _module_preset=&#8221;default&#8221; background_color_gradient_direction=&#8221;31deg&#8221; custom_padding=&#8221;0px||0px|||&#8221; link_option_url=&#8221;https:\/\/lucecieszyn.pl\/?page_id=519&#8243; link_option_url_new_window=&#8221;on&#8221;][et_pb_column type=&#8221;4_4&#8243; _builder_version=&#8221;4.6.6&#8243; _module_preset=&#8221;default&#8221;][et_pb_text _builder_version=&#8221;4.9.2&#8243; _module_preset=&#8221;default&#8221; header_font=&#8221;Poppins||||||||&#8221; header_text_align=&#8221;center&#8221; header_text_color=&#8221;#ffffff&#8221; header_font_size=&#8221;55px&#8221; width=&#8221;100%&#8221; max_width=&#8221;100%&#8221; min_height=&#8221;100px&#8221; height=&#8221;100px&#8221; max_height=&#8221;1000px&#8221; custom_margin=&#8221;-226px||403px|||&#8221; custom_padding=&#8221;250px||0px|||&#8221; header_text_shadow_style=&#8221;preset5&#8243;] Do\u0142\u0105cz do naszej dru\u017cyny [\/et_pb_text][\/et_pb_column][\/et_pb_row][et_pb_row _builder_version=&#8221;4.6.6&#8243; _module_preset=&#8221;default&#8221; min_height=&#8221;62px&#8221; custom_margin=&#8221;-52px|auto||auto||&#8221; custom_padding=&#8221;||0px|||&#8221;][et_pb_column type=&#8221;4_4&#8243; _builder_version=&#8221;4.6.6&#8243; _module_preset=&#8221;default&#8221;][et_pb_button button_url=&#8221;https:\/\/lucecieszyn.pl\/?page_id=519&#8243; button_text=&#8221;POBIERZ DOKUMENTY&#8221; button_alignment=&#8221;center&#8221; _builder_version=&#8221;4.9.2&#8243; [&hellip;]\" \/>\n<meta property=\"og:url\" content=\"https:\/\/lucecieszyn.pl\/\" \/>\n<meta property=\"og:site_name\" content=\"LUCE Cieszyn - Klub Hokejowy\" \/>\n<meta property=\"article:modified_time\" content=\"2025-11-17T12:41:05+00:00\" \/>\n<meta name=\"author\" content=\"lucecieszyn\" \/>\n<meta name=\"twitter:card\" content=\"summary_large_image\" \/>\n<meta name=\"twitter:label1\" content=\"Szacowany czas czytania\" \/>\n\t<meta name=\"twitter:data1\" content=\"5 minut\" \/>\n<script type=\"application\/ld+json\" class=\"yoast-schema-graph\">{\"@context\":\"https:\/\/schema.org\",\"@graph\":[{\"@type\":\"WebSite\",\"@id\":\"https:\/\/lucecieszyn.pl\/#website\",\"url\":\"https:\/\/lucecieszyn.pl\/\",\"name\":\"LUCE Cieszyn - Klub Hokejowy\",\"description\":\"Hokej na lodzie w Cieszynie\",\"potentialAction\":[{\"@type\":\"SearchAction\",\"target\":{\"@type\":\"EntryPoint\",\"urlTemplate\":\"https:\/\/lucecieszyn.pl\/?s={search_term_string}\"},\"query-input\":\"required name=search_term_string\"}],\"inLanguage\":\"pl-PL\"},{\"@type\":\"WebPage\",\"@id\":\"https:\/\/lucecieszyn.pl\/#webpage\",\"url\":\"https:\/\/lucecieszyn.pl\/\",\"name\":\"O nas - LUCE Cieszyn - Klub Hokejowy\",\"isPartOf\":{\"@id\":\"https:\/\/lucecieszyn.pl\/#website\"},\"datePublished\":\"2020-11-02T19:08:33+00:00\",\"dateModified\":\"2025-11-17T12:41:05+00:00\",\"breadcrumb\":{\"@id\":\"https:\/\/lucecieszyn.pl\/#breadcrumb\"},\"inLanguage\":\"pl-PL\",\"potentialAction\":[{\"@type\":\"ReadAction\",\"target\":[\"https:\/\/lucecieszyn.pl\/\"]}]},{\"@type\":\"BreadcrumbList\",\"@id\":\"https:\/\/lucecieszyn.pl\/#breadcrumb\",\"itemListElement\":[{\"@type\":\"ListItem\",\"position\":1,\"name\":\"Strona g\u0142\u00f3wna\",\"item\":\"https:\/\/lucecieszyn.pl\/\"},{\"@type\":\"ListItem\",\"position\":2,\"name\":\"O nas\"}]}]}<\/script>\n<!-- \/ Yoast SEO plugin. -->","yoast_head_json":{"title":"O nas - LUCE Cieszyn - Klub Hokejowy","robots":{"index":"index","follow":"follow","max-snippet":"max-snippet:-1","max-image-preview":"max-image-preview:large","max-video-preview":"max-video-preview:-1"},"canonical":"https:\/\/lucecieszyn.pl\/","og_locale":"pl_PL","og_type":"article","og_title":"O nas - LUCE Cieszyn - Klub Hokejowy","og_description":"[et_pb_section fb_built=&#8221;1&#8243; _builder_version=&#8221;4.9.2&#8243; _module_preset=&#8221;default&#8221; use_background_color_gradient=&#8221;on&#8221; background_color_gradient_start=&#8221;rgba(43,135,218,0)&#8221; background_color_gradient_end=&#8221;#edf000&#8243; background_color_gradient_overlays_image=&#8221;on&#8221; background_image=&#8221;https:\/\/lucecieszyn.pl\/wp-content\/uploads\/2022\/05\/Luce-Cieszyn-I-21_22-scaled.jpg&#8221; background_size=&#8221;contain&#8221; vertical_offset=&#8221;4px&#8221; min_height=&#8221;427px&#8221; custom_margin=&#8221;||-82px|||&#8221; custom_padding=&#8221;||413px|||&#8221;][et_pb_row _builder_version=&#8221;4.9.2&#8243; _module_preset=&#8221;default&#8221; background_color_gradient_direction=&#8221;31deg&#8221; custom_padding=&#8221;0px||0px|||&#8221; link_option_url=&#8221;https:\/\/lucecieszyn.pl\/?page_id=519&#8243; link_option_url_new_window=&#8221;on&#8221;][et_pb_column type=&#8221;4_4&#8243; _builder_version=&#8221;4.6.6&#8243; _module_preset=&#8221;default&#8221;][et_pb_text _builder_version=&#8221;4.9.2&#8243; _module_preset=&#8221;default&#8221; header_font=&#8221;Poppins||||||||&#8221; header_text_align=&#8221;center&#8221; header_text_color=&#8221;#ffffff&#8221; header_font_size=&#8221;55px&#8221; width=&#8221;100%&#8221; max_width=&#8221;100%&#8221; min_height=&#8221;100px&#8221; height=&#8221;100px&#8221; max_height=&#8221;1000px&#8221; custom_margin=&#8221;-226px||403px|||&#8221; custom_padding=&#8221;250px||0px|||&#8221; header_text_shadow_style=&#8221;preset5&#8243;] Do\u0142\u0105cz do naszej dru\u017cyny [\/et_pb_text][\/et_pb_column][\/et_pb_row][et_pb_row _builder_version=&#8221;4.6.6&#8243; _module_preset=&#8221;default&#8221; min_height=&#8221;62px&#8221; custom_margin=&#8221;-52px|auto||auto||&#8221; custom_padding=&#8221;||0px|||&#8221;][et_pb_column type=&#8221;4_4&#8243; _builder_version=&#8221;4.6.6&#8243; _module_preset=&#8221;default&#8221;][et_pb_button button_url=&#8221;https:\/\/lucecieszyn.pl\/?page_id=519&#8243; button_text=&#8221;POBIERZ DOKUMENTY&#8221; button_alignment=&#8221;center&#8221; _builder_version=&#8221;4.9.2&#8243; [&hellip;]","og_url":"https:\/\/lucecieszyn.pl\/","og_site_name":"LUCE Cieszyn - Klub Hokejowy","article_modified_time":"2025-11-17T12:41:05+00:00","author":"lucecieszyn","twitter_card":"summary_large_image","twitter_misc":{"Szacowany czas czytania":"5 minut"},"schema":{"@context":"https:\/\/schema.org","@graph":[{"@type":"WebSite","@id":"https:\/\/lucecieszyn.pl\/#website","url":"https:\/\/lucecieszyn.pl\/","name":"LUCE Cieszyn - Klub Hokejowy","description":"Hokej na lodzie w Cieszynie","potentialAction":[{"@type":"SearchAction","target":{"@type":"EntryPoint","urlTemplate":"https:\/\/lucecieszyn.pl\/?s={search_term_string}"},"query-input":"required name=search_term_string"}],"inLanguage":"pl-PL"},{"@type":"WebPage","@id":"https:\/\/lucecieszyn.pl\/#webpage","url":"https:\/\/lucecieszyn.pl\/","name":"O nas - LUCE Cieszyn - Klub Hokejowy","isPartOf":{"@id":"https:\/\/lucecieszyn.pl\/#website"},"datePublished":"2020-11-02T19:08:33+00:00","dateModified":"2025-11-17T12:41:05+00:00","breadcrumb":{"@id":"https:\/\/lucecieszyn.pl\/#breadcrumb"},"inLanguage":"pl-PL","potentialAction":[{"@type":"ReadAction","target":["https:\/\/lucecieszyn.pl\/"]}]},{"@type":"BreadcrumbList","@id":"https:\/\/lucecieszyn.pl\/#breadcrumb","itemListElement":[{"@type":"ListItem","position":1,"name":"Strona g\u0142\u00f3wna","item":"https:\/\/lucecieszyn.pl\/"},{"@type":"ListItem","position":2,"name":"O nas"}]}]}},"_links":{"self":[{"href":"https:\/\/lucecieszyn.pl\/index.php?rest_route=\/wp\/v2\/pages\/509"}],"collection":[{"href":"https:\/\/lucecieszyn.pl\/index.php?rest_route=\/wp\/v2\/pages"}],"about":[{"href":"https:\/\/lucecieszyn.pl\/index.php?rest_route=\/wp\/v2\/types\/page"}],"author":[{"embeddable":true,"href":"https:\/\/lucecieszyn.pl\/index.php?rest_route=\/wp\/v2\/users\/1"}],"replies":[{"embeddable":true,"href":"https:\/\/lucecieszyn.pl\/index.php?rest_route=%2Fwp%2Fv2%2Fcomments&post=509"}],"version-history":[{"count":60,"href":"https:\/\/lucecieszyn.pl\/index.php?rest_route=\/wp\/v2\/pages\/509\/revisions"}],"predecessor-version":[{"id":1103,"href":"https:\/\/lucecieszyn.pl\/index.php?rest_route=\/wp\/v2\/pages\/509\/revisions\/1103"}],"wp:attachment":[{"href":"https:\/\/lucecieszyn.pl\/index.php?rest_route=%2Fwp%2Fv2%2Fmedia&parent=509"}],"curies":[{"name":"wp","href":"https:\/\/api.w.org\/{rel}","templated":true}]}}